{"id":2550,"date":"2023-03-27T21:34:50","date_gmt":"2023-03-27T19:34:50","guid":{"rendered":"https:\/\/parafiakaliska.pl\/?page_id=2550"},"modified":"2023-04-01T09:47:53","modified_gmt":"2023-04-01T07:47:53","slug":"apostolat-margaretka","status":"publish","type":"page","link":"https:\/\/parafiakaliska.pl\/index.php\/apostolat-margaretka\/","title":{"rendered":"Apostolat Margaretka"},"content":{"rendered":"\t\t<div data-elementor-type=\"wp-post\" data-elementor-id=\"2550\" class=\"elementor elementor-2550\">\n\t\t\t\t\t\t<section class=\"elementor-section elementor-top-section elementor-element elementor-element-7ac9ca5 elementor-section-boxed elementor-section-height-default elementor-section-height-default\" data-id=\"7ac9ca5\" data-element_type=\"section\" data-settings=\"{&quot;background_background&quot;:&quot;classic&quot;}\">\n\t\t\t\t\t\t\t<div class=\"elementor-background-overlay\"><\/div>\n\t\t\t\t\t\t\t<div class=\"elementor-container elementor-column-gap-default\">\n\t\t\t\t\t<div class=\"elementor-column elementor-col-100 elementor-top-column elementor-element elementor-element-13e7be0\" data-id=\"13e7be0\" data-element_type=\"column\">\n\t\t\t<div class=\"elementor-widget-wrap\">\n\t\t\t\t\t\t\t<\/div>\n\t\t<\/div>\n\t\t\t\t\t<\/div>\n\t\t<\/section>\n\t\t\t\t<section class=\"elementor-section elementor-top-section elementor-element elementor-element-6af880e3 elementor-section-boxed elementor-section-height-default elementor-section-height-default\" data-id=\"6af880e3\" data-element_type=\"section\">\n\t\t\t\t\t\t<div class=\"elementor-container elementor-column-gap-default\">\n\t\t\t\t\t<div class=\"elementor-column elementor-col-100 elementor-top-column elementor-element elementor-element-16e9ce4f\" data-id=\"16e9ce4f\" data-element_type=\"column\">\n\t\t\t<div class=\"elementor-widget-wrap elementor-element-populated\">\n\t\t\t\t\t\t<div class=\"elementor-element elementor-element-6cd5e277 elementor-widget-divider--view-line_icon elementor-hidden-mobile elementor-view-default elementor-widget-divider--element-align-center elementor-widget elementor-widget-divider\" data-id=\"6cd5e277\" data-element_type=\"widget\" data-widget_type=\"divider.default\">\n\t\t\t\t<div class=\"elementor-widget-container\">\n\t\t\t\t\t\t\t<div class=\"elementor-divider\">\n\t\t\t<span class=\"elementor-divider-separator\">\n\t\t\t\t\t\t\t<div class=\"elementor-icon elementor-divider__element\">\n\t\t\t\t\t<i aria-hidden=\"true\" class=\"fas fa-cross\"><\/i><\/div>\n\t\t\t\t\t\t<\/span>\n\t\t<\/div>\n\t\t\t\t\t\t<\/div>\n\t\t\t\t<\/div>\n\t\t\t\t\t<\/div>\n\t\t<\/div>\n\t\t\t\t\t<\/div>\n\t\t<\/section>\n\t\t\t\t<section class=\"elementor-section elementor-top-section elementor-element elementor-element-54d74b44 elementor-section-boxed elementor-section-height-default elementor-section-height-default\" data-id=\"54d74b44\" data-element_type=\"section\" id=\"xs_cta_style_16\">\n\t\t\t\t\t\t<div class=\"elementor-container elementor-column-gap-default\">\n\t\t\t\t\t<div class=\"elementor-column elementor-col-100 elementor-top-column elementor-element elementor-element-4fdcdebb\" data-id=\"4fdcdebb\" data-element_type=\"column\">\n\t\t\t<div class=\"elementor-widget-wrap elementor-element-populated\">\n\t\t\t\t\t\t<div class=\"elementor-element elementor-element-18f92582 elementor-widget elementor-widget-heading\" data-id=\"18f92582\" data-element_type=\"widget\" data-widget_type=\"heading.default\">\n\t\t\t\t<div class=\"elementor-widget-container\">\n\t\t\t\t\t<h3 class=\"elementor-heading-title elementor-size-default\">Apostolat Margaretka<\/h3>\t\t\t\t<\/div>\n\t\t\t\t<\/div>\n\t\t\t\t<section class=\"elementor-section elementor-inner-section elementor-element elementor-element-b9b3b72 elementor-section-full_width elementor-section-height-default elementor-section-height-default\" data-id=\"b9b3b72\" data-element_type=\"section\">\n\t\t\t\t\t\t<div class=\"elementor-container elementor-column-gap-default\">\n\t\t\t\t\t<div class=\"elementor-column elementor-col-100 elementor-inner-column elementor-element elementor-element-7d29f925\" data-id=\"7d29f925\" data-element_type=\"column\">\n\t\t\t<div class=\"elementor-widget-wrap elementor-element-populated\">\n\t\t\t\t\t\t<div class=\"elementor-element elementor-element-4e5f0c65 elementor-widget elementor-widget-elementskit-accordion\" data-id=\"4e5f0c65\" data-element_type=\"widget\" data-widget_type=\"elementskit-accordion.default\">\n\t\t\t\t<div class=\"elementor-widget-container\">\n\t\t\t\t\t<div class=\"ekit-wid-con\" >\n        <div class=\"elementskit-accordion accoedion-primary\" id=\"accordion-69f5bf327d8ac\">\n\n            \n                <div class=\"elementskit-card active\">\n                    <div class=\"elementskit-card-header\" id=\"primaryHeading-0-4e5f0c65\">\n                        <a href=\"#collapse-bc2283069f5bf327d8ac\" class=\"ekit-accordion--toggler elementskit-btn-link collapsed\" data-ekit-toggle=\"collapse\" data-target=\"#Collapse-bc2283069f5bf327d8ac\" aria-expanded=\"true\" aria-controls=\"Collapse-bc2283069f5bf327d8ac\">\n                            \n                            <span class=\"ekit-accordion-title\">APOSTOLAT MARGARETKA \u2013 GRUPA MODL\u0104CA SI\u0118 ZA KAP\u0141AN\u00d3W<\/span>\n\n                            \n                                <div class=\"ekit_accordion_icon_group\">\n                                    <div class=\"ekit_accordion_normal_icon\">\n                                        <!-- Normal Icon -->\n\t\t\t\t\t\t\t\t\t\t<i class=\"fasicon icon-arrow-down\"><\/i>                                    <\/div>\n\n                                    <div class=\"ekit_accordion_active_icon\">\n                                        <!-- Active Icon -->\n\t\t\t\t\t\t\t\t\t\t<i class=\"fasicon icon-arrow-up\"><\/i>                                    <\/div>\n                                <\/div>\n\n                            \n                                                    <\/a>\n                    <\/div>\n\n                    <div id=\"Collapse-bc2283069f5bf327d8ac\" class=\" show collapse\" aria-labelledby=\"primaryHeading-0-4e5f0c65\" data-parent=\"#accordion-69f5bf327d8ac\">\n\n                        <div class=\"elementskit-card-body ekit-accordion--content\">\n                            <p><span style=\"font-weight: 400\">Pan Jezus modli\u0142 si\u0119 za uczni\u00f3w w Wieczerniku:<\/span><\/p><p><i><span style=\"font-weight: 400\">Ja za nimi prosz\u0119 <\/span><\/i><span style=\"font-weight: 400\">(J 17,9).<\/span><\/p><p>\u00a0<\/p><p><span style=\"font-weight: 400\">Zapewnia nas przez Aposto\u0142a Jakuba:<\/span><\/p><p><i><span style=\"font-weight: 400\">Wielk\u0105 moc posiada wytrwa\u0142a modlitwa sprawiedliwego<\/span><\/i><span style=\"font-weight: 400\"> (Jk 5,16).<\/span><\/p><p>\u00a0<\/p><p><span style=\"font-weight: 400\">R\u00f3wnie\u017c Maryja wzywa ludzko\u015b\u0107 do modlitwy, pokuty i nawr\u00f3cenia. Prosi tak\u017ce by modli\u0107 si\u0119 za kap\u0142an\u00f3w.<\/span><\/p><p>\u00a0<\/p><p><span style=\"font-weight: 400\">Matka Bo\u017ca bardzo pragnie, aby wszyscy wierni gor\u0105co kochali swych kap\u0142an\u00f3w, gdy\u017c ka\u017cdy kap\u0142an jest jak Moj\u017cesz, aby prowadzi\u0107 Ko\u015bci\u00f3\u0142 bezpieczn\u0105 drog\u0105 do Ziemi Obiecanej, tj. nieba. Bez wiernych i roztropnych kap\u0142an\u00f3w Ko\u015bci\u00f3\u0142 nie wie dok\u0105d i\u015b\u0107, brakuje mu nadprzyrodzonych \u017ar\u00f3de\u0142 u\u015bwi\u0119cenia (s\u0142owa Bo\u017cego, Eucharystii, odpuszczenia grzech\u00f3w, uzdrowienia, wyzwolenia spod w\u0142adzy szatana), a wierni s\u0105 jak latoro\u015ble oddzielone od winnego krzewu. Dlatego Matka Bo\u017ca pragnie, aby ka\u017cdy kap\u0142an ponownie znalaz\u0142 w\u0142a\u015bciwe mu miejsce w twoim sercu, w twojej modlitwie, w twojej rodzinie, i uzyska\u0142 potrzebn\u0105 mu duchow\u0105 ochron\u0119 i materialne wsparcie.<\/span><\/p><p><b>Siedem wok\u00f3\u0142 jednego<\/b><\/p><p><span style=\"font-weight: 400\">\u015awi\u0119ty Jan Maria Vianney powiedzia\u0142, \u017ce nie ma z\u0142ych kap\u0142an\u00f3w. S\u0105 tylko tacy, za kt\u00f3rych wierni za ma\u0142o si\u0119 modl\u0105. Dlatego, \u017ceby nie by\u0142o wok\u00f3\u0142 Was ksi\u0119\u017cy, za kt\u00f3rych ma\u0142o kto si\u0119 modli, proponujemy margaretk\u0119.<\/span><\/p>                        <\/div>\n\n                    <\/div>\n\n                <\/div><!-- .elementskit-card END -->\n\n                \n                <div class=\"elementskit-card \">\n                    <div class=\"elementskit-card-header\" id=\"primaryHeading-1-4e5f0c65\">\n                        <a href=\"#collapse-838532169f5bf327d8ac\" class=\"ekit-accordion--toggler elementskit-btn-link collapsed\" data-ekit-toggle=\"collapse\" data-target=\"#Collapse-838532169f5bf327d8ac\" aria-expanded=\"false\" aria-controls=\"Collapse-838532169f5bf327d8ac\">\n                            \n                            <span class=\"ekit-accordion-title\"> Co to takiego?<\/span>\n\n                            \n                                <div class=\"ekit_accordion_icon_group\">\n                                    <div class=\"ekit_accordion_normal_icon\">\n                                        <!-- Normal Icon -->\n\t\t\t\t\t\t\t\t\t\t<i class=\"fasicon icon-arrow-down\"><\/i>                                    <\/div>\n\n                                    <div class=\"ekit_accordion_active_icon\">\n                                        <!-- Active Icon -->\n\t\t\t\t\t\t\t\t\t\t<i class=\"fasicon icon-arrow-up\"><\/i>                                    <\/div>\n                                <\/div>\n\n                            \n                                                    <\/a>\n                    <\/div>\n\n                    <div id=\"Collapse-838532169f5bf327d8ac\" class=\" collapse\" aria-labelledby=\"primaryHeading-1-4e5f0c65\" data-parent=\"#accordion-69f5bf327d8ac\">\n\n                        <div class=\"elementskit-card-body ekit-accordion--content\">\n                            <p><span style=\"font-weight: 400\">To codzienna modlitwa za konkretnego ksi\u0119dza. Nazwa <\/span><b>MARGARETKA<\/b><span style=\"font-weight: 400\"> pochodzi od imienia niezwyk\u0142ej osoby, Margaret O'Donnell z Kanady. Gdy Margaret mia\u0142a 13 lat, w sierpniu 1951 roku, wykryto u niej chorob\u0119 Heinego-Medina. Zawieziono j\u0105 do szpitala w Ottawie, potem do Montrealu. Trzy miesi\u0105ce p\u00f3\u017aniej dziewczynka wr\u00f3ci\u0142a do domu, ale by\u0142a ju\u017c ca\u0142kowicie sparali\u017cowana. Mog\u0142a porusza\u0107 tylko g\u0142ow\u0105. Margaret szybko zrozumia\u0142a, \u017ce jak dla innych ma\u0142\u017ce\u0144stwo, kap\u0142a\u0144stwo lub \u017cycie zakonne, tak dla niej ta choroba jest powo\u0142aniem. I zacz\u0119\u0142a swoje cierpienie po\u015bwi\u0119ca\u0107, modl\u0105c si\u0119 za parafi\u0119, za swojego proboszcza. Ksi\u0119\u017ca zacz\u0119li jej powierza\u0107 swoje intencje. Z ka\u017cdym dniem do domu przychodzi\u0142o coraz wi\u0119cej os\u00f3b z pro\u015bb\u0105 o modlitw\u0119. Czasem przyjmowa\u0142a nawet 20 os\u00f3b w ci\u0105gu dnia. Margaret zmar\u0142a w Wielki Pi\u0105tek po 27 latach \u017cycia w ca\u0142kowitym bezruchu. Mia\u0142a 40 lat.\u00a0<\/span><\/p><p><span style=\"font-weight: 400\">Trzy lata p\u00f3\u017aniej pani profesor Louise Ward, kt\u00f3ra osobi\u015bcie zna\u0142a Margaret O'Donnell, 1 sierpnia 1981 r. za\u0142o\u017cy\u0142a Ruch MARGARETEK. Nazwa\u0142a go jej imieniem, bo poruszy\u0142o j\u0105 niezwyk\u0142e \u017cycie i modlitwa Margaret. Po francusku (w Kanadzie to j\u0119zyk urz\u0119dowy) marguerite oznacza polny kwiatek, kt\u00f3ry w Polsce nazywany jest margaretk\u0105. Dlatego symbolem Apostolatu MARGARETKA sta\u0142 si\u0119 kwiatek o bia\u0142ych p\u0142atkach. W \u015brodku kwiatu wpisuje si\u0119 imi\u0119 i nazwisko ksi\u0119dza, a na siedmiu p\u0142atkach imiona i nazwiska siedmiu os\u00f3b, kt\u00f3re przyrzekaj\u0105 Bogu, \u017ce jednego dnia tygodnia b\u0119d\u0105 si\u0119 modli\u0107 za konkretnego kap\u0142ana. Ta sama osoba mo\u017ce nale\u017ce\u0107 do wielu margaretek. Mo\u017ce np.: modli\u0107 si\u0119 za siedmiu kap\u0142an\u00f3w \u2013 ka\u017cdego dnia za innego ksi\u0119dza.\u00a0<\/span><\/p><p><span style=\"font-weight: 400\">Pierwsza taka \u201eMargerytka\u201d powsta\u0142a\u00a0 w Medjugorie z modlitw\u0105 za ksi\u0119dza Jozo Zovko.<\/span><\/p>                        <\/div>\n\n                    <\/div>\n\n                <\/div><!-- .elementskit-card END -->\n\n                \n                <div class=\"elementskit-card \">\n                    <div class=\"elementskit-card-header\" id=\"primaryHeading-2-4e5f0c65\">\n                        <a href=\"#collapse-4dc011569f5bf327d8ac\" class=\"ekit-accordion--toggler elementskit-btn-link collapsed\" data-ekit-toggle=\"collapse\" data-target=\"#Collapse-4dc011569f5bf327d8ac\" aria-expanded=\"false\" aria-controls=\"Collapse-4dc011569f5bf327d8ac\">\n                            \n                            <span class=\"ekit-accordion-title\">W naszej wsp\u00f3lnocie parafialnej istnieje pi\u0119\u0107 MARGARETEK<\/span>\n\n                            \n                                <div class=\"ekit_accordion_icon_group\">\n                                    <div class=\"ekit_accordion_normal_icon\">\n                                        <!-- Normal Icon -->\n\t\t\t\t\t\t\t\t\t\t<i class=\"fasicon icon-arrow-down\"><\/i>                                    <\/div>\n\n                                    <div class=\"ekit_accordion_active_icon\">\n                                        <!-- Active Icon -->\n\t\t\t\t\t\t\t\t\t\t<i class=\"fasicon icon-arrow-up\"><\/i>                                    <\/div>\n                                <\/div>\n\n                            \n                                                    <\/a>\n                    <\/div>\n\n                    <div id=\"Collapse-4dc011569f5bf327d8ac\" class=\" collapse\" aria-labelledby=\"primaryHeading-2-4e5f0c65\" data-parent=\"#accordion-69f5bf327d8ac\">\n\n                        <div class=\"elementskit-card-body ekit-accordion--content\">\n                            <p><span style=\"font-weight: 400\">Pierwsza Margaretka powsta\u0142a w roku 2006.<\/span><\/p><p><span style=\"font-weight: 400\">Modlitw\u0105 obj\u0119tych jest czterech kap\u0142an\u00f3w.<\/span><\/p><p><span style=\"font-weight: 400\">W rocznic\u0119 ka\u017cdej Margaretki sprawowana jest Eucharystia w intencji danego kap\u0142ana.<\/span><\/p><p>\u00a0<\/p><p><span style=\"font-weight: 400\">Ka\u017cda osoba w wybrany przez siebie dzie\u0144 tygodnia odmawia nast\u0119puj\u0105c\u0105 modlitw\u0119:<\/span><\/p><p><i><span style=\"font-weight: 400\">\u201eO Jezu Boski Pasterzu, kt\u00f3ry powo\u0142a\u0142e\u015b Aposto\u0142\u00f3w, aby uczyni\u0107 ich rybakami dusz ludzkich, Ty, kt\u00f3ry poci\u0105gn\u0105\u0142e\u015b ku Sobie ks. \u2026(imi\u0119 kap\u0142ana)\u2026. uczy\u0144 Go Swoim gorliwym na\u015bladowc\u0105 i s\u0142ug\u0105. Spraw, aby dzieli\u0142 z Tob\u0105 pragnienie powszechnego odkupienia, dla kt\u00f3rego na wszystkich o\u0142tarzach ponawiasz Swoj\u0105 Ofiar\u0119. Ty o Panie, kt\u00f3ry \u017cyjesz na wieki, aby wstawia\u0107 si\u0119 za Twoim ludem, otw\u00f3rz przed Nim nowe horyzonty, by dostrzega\u0142 \u015bwiat spragniony \u015bwiat\u0142a prawdy i mi\u0142o\u015bci; by by\u0142 sol\u0105 ziemi i \u015bwiat\u0142o\u015bci\u0105 \u015bwiata. Umacniaj Go Twoj\u0105 moc\u0105 i b\u0142ogos\u0142aw Mu. \u015awi\u0119ty \u2026(imi\u0119 patrona) , kt\u00f3rego imi\u0119 nosi ks. \u2026(imi\u0119 kap\u0142ana)\u2026 Twojej szczeg\u00f3lnej opiece polecam Go dzisiaj. Prosz\u0119 Ci\u0119, aby\u015b wstawia\u0142 si\u0119 za Nim przed Bogiem i pomaga\u0142 Mu we wszystkich potrzebach. Spraw, aby dochowa\u0142 Bogu wierno\u015bci i owocnie pracowa\u0142 dla Jego wi\u0119kszej chwa\u0142y. Maryjo strze\u017c Go przed wszelkim z\u0142em. Amen.\u201d<\/span><\/i><\/p><p><span style=\"font-weight: 400\">(Modlitwa opracowana na podstawie modlitwy papie\u017ca Paw\u0142a VI zaczerpni\u0119tej z Agendy Liturgicznej Diecezji Opolskiej, Opole 1981 r. s. 215)<\/span><\/p><p><b>Koronka Pokoju z Medjugorie<\/b><span style=\"font-weight: 400\">\u00a0: \u201eWierz\u0119\u201d oraz 7 razy (\u201eOjcze nasz\u201d, \u201eZdrowa\u015b Maryjo\u201d, \u201eChwa\u0142a Ojcu\u201d<\/span><\/p><p>\u00a0<\/p><p><span style=\"font-weight: 400\">Dzi\u015b istnieje ogromna potrzeba systematycznej modlitwy za kap\u0142an\u00f3w.\u00a0<\/span><\/p><p><b>Je\u015bli s\u0105 ch\u0119tne osoby, by modli\u0107 si\u0119 za kap\u0142ana prosimy o kontakt z ksi\u0119dzem Proboszczem lub koordynatork\u0105 apostolatu Ma\u0142gorzat\u0105 Brzozowsk\u0105.<\/b><\/p>                        <\/div>\n\n                    <\/div>\n\n                <\/div><!-- .elementskit-card END -->\n\n                                        <\/div>\n    <\/div>\t\t\t\t<\/div>\n\t\t\t\t<\/div>\n\t\t\t\t\t<\/div>\n\t\t<\/div>\n\t\t\t\t\t<\/div>\n\t\t<\/section>\n\t\t\t\t\t<\/div>\n\t\t<\/div>\n\t\t\t\t\t<\/div>\n\t\t<\/section>\n\t\t\t\t<\/div>\n\t\t","protected":false},"excerpt":{"rendered":"<p>Apostolat Margaretka APOSTOLAT MARGARETKA \u2013 GRUPA MODL\u0104CA SI\u0118 ZA KAP\u0141AN\u00d3W Pan Jezus modli\u0142 si\u0119 za uczni\u00f3w w Wieczerniku: Ja za nimi prosz\u0119 (J 17,9). \u00a0 Zapewnia nas przez Aposto\u0142a Jakuba: Wielk\u0105 moc posiada wytrwa\u0142a modlitwa sprawiedliwego (Jk 5,16). \u00a0 R\u00f3wnie\u017c Maryja wzywa ludzko\u015b\u0107 do modlitwy, pokuty i nawr\u00f3cenia. Prosi tak\u017ce by modli\u0107 si\u0119 za kap\u0142an\u00f3w. &hellip;<\/p>\n<p class=\"read-more\"> <a class=\"\" href=\"https:\/\/parafiakaliska.pl\/index.php\/apostolat-margaretka\/\"> <span class=\"screen-reader-text\">Apostolat Margaretka<\/span> Read More &raquo;<\/a><\/p>\n","protected":false},"author":1,"featured_media":0,"parent":0,"menu_order":0,"comment_status":"closed","ping_status":"closed","template":"","meta":{"_eb_attr":"","site-sidebar-layout":"no-sidebar","site-content-layout":"page-builder","ast-global-header-display":"","ast-main-header-display":"","ast-hfb-above-header-display":"","ast-hfb-below-header-display":"","ast-hfb-mobile-header-display":"","site-post-title":"disabled","ast-breadcrumbs-content":"","ast-featured-img":"disabled","footer-sml-layout":"","theme-transparent-header-meta":"enabled","adv-header-id-meta":"","stick-header-meta":"","header-above-stick-meta":"","header-main-stick-meta":"","header-below-stick-meta":"","footnotes":""},"class_list":["post-2550","page","type-page","status-publish","hentry"],"_links":{"self":[{"href":"https:\/\/parafiakaliska.pl\/index.php\/wp-json\/wp\/v2\/pages\/2550","targetHints":{"allow":["GET"]}}],"collection":[{"href":"https:\/\/parafiakaliska.pl\/index.php\/wp-json\/wp\/v2\/pages"}],"about":[{"href":"https:\/\/parafiakaliska.pl\/index.php\/wp-json\/wp\/v2\/types\/page"}],"author":[{"embeddable":true,"href":"https:\/\/parafiakaliska.pl\/index.php\/wp-json\/wp\/v2\/users\/1"}],"replies":[{"embeddable":true,"href":"https:\/\/parafiakaliska.pl\/index.php\/wp-json\/wp\/v2\/comments?post=2550"}],"version-history":[{"count":23,"href":"https:\/\/parafiakaliska.pl\/index.php\/wp-json\/wp\/v2\/pages\/2550\/revisions"}],"predecessor-version":[{"id":3709,"href":"https:\/\/parafiakaliska.pl\/index.php\/wp-json\/wp\/v2\/pages\/2550\/revisions\/3709"}],"wp:attachment":[{"href":"https:\/\/parafiakaliska.pl\/index.php\/wp-json\/wp\/v2\/media?parent=2550"}],"curies":[{"name":"wp","href":"https:\/\/api.w.org\/{rel}","templated":true}]}}